{"id":2707,"date":"2021-06-03T13:12:29","date_gmt":"2021-06-03T10:12:29","guid":{"rendered":"https:\/\/lukkan.fi\/racken-och-dorrar\/"},"modified":"2025-08-08T14:54:17","modified_gmt":"2025-08-08T11:54:17","slug":"racken-och-dorrar","status":"publish","type":"page","link":"https:\/\/lukkan.fi\/sv\/racken-och-dorrar\/","title":{"rendered":"R\u00e4cken och d\u00f6rrar"},"content":{"rendered":"\n<h1>\n\t\t\tR\u00e4cken och d\u00f6rrar\t<\/h1>\n\t<h6>Lukkans r\u00e4cken anv\u00e4nds p\u00e5 terrasser, trappor eller som r\u00e4cken till balkongglasl\u00f6sningar.\n<\/h6>\n<h2>\n\t\t\tLukkans r\u00e4cken \u00e4r byggda f\u00f6r att h\u00e5lla l\u00e4nge\t<\/h2>\n<h4>\n\t\t\tR\u00e4cken kan anv\u00e4ndas p\u00e5 terrassen, i trappor, som r\u00e4cken till balkongglasl\u00f6sningar, eller helt enkelt som en visuell l\u00f6sning.\t<\/h4>\n\t<strong data-start=\"343\" data-end=\"362\">Lukkan LP-r\u00e4cke<\/strong><br data-start=\"362\" data-end=\"365\" \/>Lukkan LP-r\u00e4cke \u00e4r mycket m\u00e5ngsidigt. Utseendet \u00e4r rent och enkelt, best\u00e5ende av f\u00e5 komponenter och \u00e4r l\u00e4tt att anpassa. Utseendet kan varieras, till exempel genom ett mellanrum mellan handledaren och glaset eller att glaset startar direkt fr\u00e5n handledaren. Det finns m\u00e5nga alternativ vad g\u00e4ller glastyp och f\u00e4rg p\u00e5 r\u00e4cksprofilen. R\u00e4cket kan monteras antingen plan- eller frontmonterat.\nDen rundade handledaren p\u00e5 b\u00e4rstolparna \u00e4r mycket stabil. Glash\u00f6ljet kan enkelt kompletteras med skjutglasl\u00f6sningar eller balkongglas.\n<strong data-start=\"889\" data-end=\"907\">S\u00e4kerhet f\u00f6rst<\/strong><br data-start=\"907\" data-end=\"910\" \/>Ett r\u00e4cke ska monteras om fallh\u00f6jden fr\u00e5n ytan, till exempel fr\u00e5n en terrass, \u00f6verstiger 50 cm och det finns risk f\u00f6r fall. R\u00e4ckets minimumh\u00f6jd best\u00e4ms utifr\u00e5n fallh\u00f6jden. Lukkan LP-r\u00e4cke \u00e4r testat enligt st\u00f6tkrav i enlighet med norm EN 12600 och uppfyller alla myndighetskrav. I alla gl\u00e4r\u00e4cken anv\u00e4nds alltid laminerat och h\u00e4rdat s\u00e4kerhetsglas. Glasets tjocklek \u00e4r 8 mm eller 10 mm beroende p\u00e5 bland annat byggnadens och r\u00e4ckets placering samt vindbelastning.\n<strong data-start=\"1372\" data-end=\"1418\">R\u00e4ckena dimensioneras alltid individuellt.<\/strong><br data-start=\"1418\" data-end=\"1421\" \/>Kontakta v\u00e5ra \u00e5terf\u00f6rs\u00e4ljare f\u00f6r mer information om LP-r\u00e4cket!\n<h2>\n\t\t\tVarf\u00f6r v\u00e4lja Lukkans r\u00e4cken?\t<\/h2>\n\t<h6><strong data-start=\"78\" data-end=\"137\">Produkter av h\u00f6gsta kvalitet med \u00f6ver 30 \u00e5rs erfarenhet<\/strong><\/h6>\n<p>Lukkan drivs av viljan att alltid g\u00f6ra saker lite b\u00e4ttre, vilket tydligt m\u00e4rks i den kompromissl\u00f6sa kvaliteten p\u00e5 v\u00e5ra produkter. Lukkan-terrassglas, designade och tillverkade i Finland, \u00e4r en praktisk, h\u00e5llbar och s\u00e4ker l\u00f6sning. Vi anv\u00e4nder endast material av mycket h\u00f6g kvalitet och ger fem \u00e5rs garanti p\u00e5 v\u00e5ra produkter. Alla v\u00e5ra produkter \u00e4r CE-m\u00e4rkta.<\/p>\n<h6>Designade och tillverkade i Finland.<\/h6>\n<p>Lukkans komponenter och material k\u00f6ps n\u00e4stan uteslutande fr\u00e5n finl\u00e4ndska underleverant\u00f6rer och v\u00e5r produktion finns i Mukkula, Lahtis. V\u00e5ra produkter b\u00e4r m\u00e4rkena Nyckelflaggan och Design from Finland. Installationen av Lukkan-produkter utf\u00f6rs alltid av lokala yrkespersoner.<\/p>\n<h6><strong data-start=\"824\" data-end=\"842\">Standardf\u00e4rger<\/strong><\/h6>\n<p>Lukkan LP-r\u00e4ckets standardf\u00e4rger \u00e4r samma som f\u00f6r \u00f6vriga Lukkan-produkter: vit RAL 9010, gr\u00e5 RAL 7024 och svart RAL 9005.<\/p>\n\t\t\t\t<img loading=\"lazy\" decoding=\"async\" src=\"https:\/\/lukkan.fi\/wp-content\/uploads\/2021\/08\/Lukkan-kaiteet-4.jpg\" alt=\"Lukkan-kaiteet-4\" itemprop=\"image\" height=\"668\" width=\"1024\" title=\"Lukkan-kaiteet-4\" onerror=\"this.style.display='none'\" loading=\"lazy\" \/>\n<h2>\n\t\t\tS\u00e5 h\u00e4r k\u00f6per du terrassr\u00e4cken\t<\/h2>\n\u00c4r det dags att skaffa terrassr\u00e4cken? Tveka inte att kontakta oss &#8211; vi hj\u00e4lper dig g\u00e4rna med ditt r\u00e4ckesk\u00f6p!\n\n\t\t\t<a href=\"https:\/\/lukkan.fi\/sv\/kontaktinformation\/\" target=\"_self\">\n\t\t\t\t\t\t\tKontakta oss\n\t\t\t\t\t<\/a>\n\t\t\t\t<img loading=\"lazy\" decoding=\"async\" src=\"https:\/\/lukkan.fi\/wp-content\/uploads\/2025\/03\/Kaide-.jpg\" alt=\"Kaide\" itemprop=\"image\" height=\"545\" width=\"1010\" title=\"Kaide\" onerror=\"this.style.display='none'\" loading=\"lazy\" \/>\n\n","protected":false},"excerpt":{"rendered":"<p>R\u00e4cken och d\u00f6rrar Lukkans r\u00e4cken anv\u00e4nds p\u00e5 terrasser, trappor eller som r\u00e4cken till balkongglasl\u00f6sningar. Lukkans r\u00e4cken \u00e4r byggda f\u00f6r att h\u00e5lla l\u00e4nge R\u00e4cken kan anv\u00e4ndas p\u00e5 terrassen, i trappor, som r\u00e4cken till balkongglasl\u00f6sningar, eller helt enkelt som en visuell l\u00f6sning. Lukkan LP-r\u00e4ckeLukkan LP-r\u00e4cke \u00e4r mycket m\u00e5ngsidigt. Utseendet \u00e4r rent och enkelt, best\u00e5ende av f\u00e5 komponenter [&hellip;]<\/p>\n","protected":false},"author":12,"featured_media":0,"parent":0,"menu_order":0,"comment_status":"closed","ping_status":"closed","template":"page-beaver.php","meta":{"_acf_changed":false,"footnotes":""},"class_list":["post-2707","page","type-page","status-publish","hentry"],"acf":[],"yoast_head":"<!-- This site is optimized with the Yoast SEO Premium plugin v25.8 (Yoast SEO v27.4) - https:\/\/yoast.com\/product\/yoast-seo-premium-wordpress\/ -->\n<title>Kaiteet ja ovet terasseille, rappusiin ja parvekelasitusten kaiteiksi<\/title>\n<meta name=\"description\" content=\"Kaiteet ja ovet | Lukkanin kaiteita k\u00e4ytet\u00e4\u00e4n terasseilla, rappusissa tai parvekelasitusten kaiteina. Lukkanin tuotteet on tehty kest\u00e4m\u00e4\u00e4n!\" \/>\n<meta name=\"robots\" content=\"index, follow, max-snippet:-1, max-image-preview:large, max-video-preview:-1\" \/>\n<link rel=\"canonical\" href=\"https:\/\/lukkan.fi\/sv\/racken-och-dorrar\/\" \/>\n<meta property=\"og:locale\" content=\"sv_SE\" \/>\n<meta property=\"og:type\" content=\"article\" \/>\n<meta property=\"og:title\" content=\"R\u00e4cken och d\u00f6rrar\" \/>\n<meta property=\"og:description\" content=\"Kaiteet ja ovet | Lukkanin kaiteita k\u00e4ytet\u00e4\u00e4n terasseilla, rappusissa tai parvekelasitusten kaiteina. Lukkanin tuotteet on tehty kest\u00e4m\u00e4\u00e4n!\" \/>\n<meta property=\"og:url\" content=\"https:\/\/lukkan.fi\/sv\/racken-och-dorrar\/\" \/>\n<meta property=\"og:site_name\" content=\"Lukkan\" \/>\n<meta property=\"article:publisher\" content=\"https:\/\/www.facebook.com\/Lukkanlasitusjarjestelmat\" \/>\n<meta property=\"article:modified_time\" content=\"2025-08-08T11:54:17+00:00\" \/>\n<meta property=\"og:image\" content=\"https:\/\/lukkan.fi\/wp-content\/uploads\/2022\/01\/Terassilasit-helsinki.webp\" \/>\n\t<meta property=\"og:image:width\" content=\"1170\" \/>\n\t<meta property=\"og:image:height\" content=\"764\" \/>\n\t<meta property=\"og:image:type\" content=\"image\/webp\" \/>\n<meta name=\"twitter:card\" content=\"summary_large_image\" \/>\n<meta name=\"twitter:label1\" content=\"Ber\u00e4knad l\u00e4stid\" \/>\n\t<meta name=\"twitter:data1\" content=\"2 minuter\" \/>\n<script type=\"application\/ld+json\" class=\"yoast-schema-graph\">{\"@context\":\"https:\\\/\\\/schema.org\",\"@graph\":[{\"@type\":\"WebPage\",\"@id\":\"https:\\\/\\\/lukkan.fi\\\/sv\\\/racken-och-dorrar\\\/\",\"url\":\"https:\\\/\\\/lukkan.fi\\\/sv\\\/racken-och-dorrar\\\/\",\"name\":\"Kaiteet ja ovet terasseille, rappusiin ja parvekelasitusten kaiteiksi\",\"isPartOf\":{\"@id\":\"https:\\\/\\\/lukkan.fi\\\/#website\"},\"primaryImageOfPage\":{\"@id\":\"https:\\\/\\\/lukkan.fi\\\/sv\\\/racken-och-dorrar\\\/#primaryimage\"},\"image\":{\"@id\":\"https:\\\/\\\/lukkan.fi\\\/sv\\\/racken-och-dorrar\\\/#primaryimage\"},\"thumbnailUrl\":\"https:\\\/\\\/lukkan.fi\\\/wp-content\\\/uploads\\\/2021\\\/08\\\/Lukkan-kaiteet-4.jpg\",\"datePublished\":\"2021-06-03T10:12:29+00:00\",\"dateModified\":\"2025-08-08T11:54:17+00:00\",\"description\":\"Kaiteet ja ovet | Lukkanin kaiteita k\u00e4ytet\u00e4\u00e4n terasseilla, rappusissa tai parvekelasitusten kaiteina. Lukkanin tuotteet on tehty kest\u00e4m\u00e4\u00e4n!\",\"breadcrumb\":{\"@id\":\"https:\\\/\\\/lukkan.fi\\\/sv\\\/racken-och-dorrar\\\/#breadcrumb\"},\"inLanguage\":\"sv-SE\",\"potentialAction\":[{\"@type\":\"ReadAction\",\"target\":[\"https:\\\/\\\/lukkan.fi\\\/sv\\\/racken-och-dorrar\\\/\"]}]},{\"@type\":\"ImageObject\",\"inLanguage\":\"sv-SE\",\"@id\":\"https:\\\/\\\/lukkan.fi\\\/sv\\\/racken-och-dorrar\\\/#primaryimage\",\"url\":\"https:\\\/\\\/lukkan.fi\\\/wp-content\\\/uploads\\\/2021\\\/08\\\/Lukkan-kaiteet-4.jpg\",\"contentUrl\":\"https:\\\/\\\/lukkan.fi\\\/wp-content\\\/uploads\\\/2021\\\/08\\\/Lukkan-kaiteet-4.jpg\"},{\"@type\":\"BreadcrumbList\",\"@id\":\"https:\\\/\\\/lukkan.fi\\\/sv\\\/racken-och-dorrar\\\/#breadcrumb\",\"itemListElement\":[{\"@type\":\"ListItem\",\"position\":1,\"name\":\"Etusivu\",\"item\":\"https:\\\/\\\/lukkan.fi\\\/\"},{\"@type\":\"ListItem\",\"position\":2,\"name\":\"R\u00e4cken och d\u00f6rrar\"}]},{\"@type\":\"WebSite\",\"@id\":\"https:\\\/\\\/lukkan.fi\\\/#website\",\"url\":\"https:\\\/\\\/lukkan.fi\\\/\",\"name\":\"Lukkan | Sinun el\u00e4m\u00e4si tila\",\"description\":\"Sinun el\u00e4m\u00e4si tila\",\"publisher\":{\"@id\":\"https:\\\/\\\/lukkan.fi\\\/#organization\"},\"potentialAction\":[{\"@type\":\"SearchAction\",\"target\":{\"@type\":\"EntryPoint\",\"urlTemplate\":\"https:\\\/\\\/lukkan.fi\\\/?s={search_term_string}\"},\"query-input\":{\"@type\":\"PropertyValueSpecification\",\"valueRequired\":true,\"valueName\":\"search_term_string\"}}],\"inLanguage\":\"sv-SE\"},{\"@type\":\"Organization\",\"@id\":\"https:\\\/\\\/lukkan.fi\\\/#organization\",\"name\":\"Lukkan\",\"url\":\"https:\\\/\\\/lukkan.fi\\\/\",\"logo\":{\"@type\":\"ImageObject\",\"inLanguage\":\"sv-SE\",\"@id\":\"https:\\\/\\\/lukkan.fi\\\/#\\\/schema\\\/logo\\\/image\\\/\",\"url\":\"https:\\\/\\\/lukkan.fi\\\/wp-content\\\/uploads\\\/2021\\\/05\\\/lukkan-logo-fb.png\",\"contentUrl\":\"https:\\\/\\\/lukkan.fi\\\/wp-content\\\/uploads\\\/2021\\\/05\\\/lukkan-logo-fb.png\",\"width\":225,\"height\":225,\"caption\":\"Lukkan\"},\"image\":{\"@id\":\"https:\\\/\\\/lukkan.fi\\\/#\\\/schema\\\/logo\\\/image\\\/\"},\"sameAs\":[\"https:\\\/\\\/www.facebook.com\\\/Lukkanlasitusjarjestelmat\",\"https:\\\/\\\/www.instagram.com\\\/lukkan_lasitus\\\/\"],\"description\":\"Meid\u00e4n yrityksemme tarina alkaa vuodesta 1989, jolloin Lukkan-tuotteita valmistava Aluroll Oy perustettiin Sipoossa, Boxin kyl\u00e4ss\u00e4. Koska emme l\u00f6yt\u00e4neet tuon ajan markkinoilta tarpeeksi laadukkaita liukulaseja, p\u00e4\u00e4timme alkaa valmistaa tuotteita itse. Liukulaseja seurasivat jo pian ratkaisut sek\u00e4 kiinteisiin lasituksiin ett\u00e4 alumiinikaiteisiin, ja lis\u00e4\u00e4 seurasi per\u00e4ss\u00e4. Pitk\u00e4ik\u00e4isi\u00e4 tuotteita kertak\u00e4ytt\u00f6kulttuuria vastaan Lukkanin tekemist\u00e4 on alusta alkaen ajanut halu tehd\u00e4 asiat viel\u00e4 v\u00e4h\u00e4n paremmin, ja t\u00e4m\u00e4 n\u00e4kyy nykyisten tuotteittemme tinkim\u00e4tt\u00f6m\u00e4ss\u00e4 laadussa. Meille on t\u00e4rke\u00e4\u00e4, ett\u00e4 tuotteemme ovat pitk\u00e4ik\u00e4isi\u00e4. N\u00e4enn\u00e4isesti eri lasitukset voivat olla hyvin saman n\u00e4k\u00f6isi\u00e4, mutta erot piilev\u00e4t komponenttien laadussa ja suunnittelun yksityiskohdissa. Teemme jatkuvaa tuotekehityst\u00e4 ja lanseeraamme uusia entist\u00e4 parempia tuotteita. Teolliset perinteet omassa tuotannossa Lahdessa Poiketen l\u00e4hes kaikista muista toimialallamme, oma lasitehtaamme valmistaa tuotteissamme k\u00e4ytetyt lasit. Oma lasituotanto tuo toimintaamme nopeutta, ketteryytt\u00e4 ja kustannusetua. Omalla tuotannolla varmistamme my\u00f6s karkaistujen turvalasien laadun. Ty\u00f6ntekij\u00e4mme ovat ylpeit\u00e4 ammattitaidostaan ja monella heist\u00e4 on yli 30 vuoden ura takanaan lasitehtaallamme. Tuotteemme valmistetaan l\u00e4hes yksinomaan Suomessa alihankituista komponenteista ja materiaaleista. Tuotteitamme j\u00e4lleenmyyd\u00e4\u00e4n ja asennetaan Suomessa koko maan kattavalla alueella, mutta my\u00f6s Ruotsissa, Norjassa ja Saksassa.\",\"email\":\"asiakaspalvelu@lukkan.fi\",\"telephone\":\"0291 230 221\",\"legalName\":\"Aluroll Oy\",\"foundingDate\":\"1989-08-21\",\"vatID\":\"FI07622005\",\"numberOfEmployees\":{\"@type\":\"QuantitativeValue\",\"minValue\":\"51\",\"maxValue\":\"200\"}}]}<\/script>\n<!-- \/ Yoast SEO Premium plugin. -->","yoast_head_json":{"title":"Kaiteet ja ovet terasseille, rappusiin ja parvekelasitusten kaiteiksi","description":"Kaiteet ja ovet | Lukkanin kaiteita k\u00e4ytet\u00e4\u00e4n terasseilla, rappusissa tai parvekelasitusten kaiteina. Lukkanin tuotteet on tehty kest\u00e4m\u00e4\u00e4n!","robots":{"index":"index","follow":"follow","max-snippet":"max-snippet:-1","max-image-preview":"max-image-preview:large","max-video-preview":"max-video-preview:-1"},"canonical":"https:\/\/lukkan.fi\/sv\/racken-och-dorrar\/","og_locale":"sv_SE","og_type":"article","og_title":"R\u00e4cken och d\u00f6rrar","og_description":"Kaiteet ja ovet | Lukkanin kaiteita k\u00e4ytet\u00e4\u00e4n terasseilla, rappusissa tai parvekelasitusten kaiteina. Lukkanin tuotteet on tehty kest\u00e4m\u00e4\u00e4n!","og_url":"https:\/\/lukkan.fi\/sv\/racken-och-dorrar\/","og_site_name":"Lukkan","article_publisher":"https:\/\/www.facebook.com\/Lukkanlasitusjarjestelmat","article_modified_time":"2025-08-08T11:54:17+00:00","og_image":[{"width":1170,"height":764,"url":"https:\/\/lukkan.fi\/wp-content\/uploads\/2022\/01\/Terassilasit-helsinki.webp","type":"image\/webp"}],"twitter_card":"summary_large_image","twitter_misc":{"Ber\u00e4knad l\u00e4stid":"2 minuter"},"schema":{"@context":"https:\/\/schema.org","@graph":[{"@type":"WebPage","@id":"https:\/\/lukkan.fi\/sv\/racken-och-dorrar\/","url":"https:\/\/lukkan.fi\/sv\/racken-och-dorrar\/","name":"Kaiteet ja ovet terasseille, rappusiin ja parvekelasitusten kaiteiksi","isPartOf":{"@id":"https:\/\/lukkan.fi\/#website"},"primaryImageOfPage":{"@id":"https:\/\/lukkan.fi\/sv\/racken-och-dorrar\/#primaryimage"},"image":{"@id":"https:\/\/lukkan.fi\/sv\/racken-och-dorrar\/#primaryimage"},"thumbnailUrl":"https:\/\/lukkan.fi\/wp-content\/uploads\/2021\/08\/Lukkan-kaiteet-4.jpg","datePublished":"2021-06-03T10:12:29+00:00","dateModified":"2025-08-08T11:54:17+00:00","description":"Kaiteet ja ovet | Lukkanin kaiteita k\u00e4ytet\u00e4\u00e4n terasseilla, rappusissa tai parvekelasitusten kaiteina. Lukkanin tuotteet on tehty kest\u00e4m\u00e4\u00e4n!","breadcrumb":{"@id":"https:\/\/lukkan.fi\/sv\/racken-och-dorrar\/#breadcrumb"},"inLanguage":"sv-SE","potentialAction":[{"@type":"ReadAction","target":["https:\/\/lukkan.fi\/sv\/racken-och-dorrar\/"]}]},{"@type":"ImageObject","inLanguage":"sv-SE","@id":"https:\/\/lukkan.fi\/sv\/racken-och-dorrar\/#primaryimage","url":"https:\/\/lukkan.fi\/wp-content\/uploads\/2021\/08\/Lukkan-kaiteet-4.jpg","contentUrl":"https:\/\/lukkan.fi\/wp-content\/uploads\/2021\/08\/Lukkan-kaiteet-4.jpg"},{"@type":"BreadcrumbList","@id":"https:\/\/lukkan.fi\/sv\/racken-och-dorrar\/#breadcrumb","itemListElement":[{"@type":"ListItem","position":1,"name":"Etusivu","item":"https:\/\/lukkan.fi\/"},{"@type":"ListItem","position":2,"name":"R\u00e4cken och d\u00f6rrar"}]},{"@type":"WebSite","@id":"https:\/\/lukkan.fi\/#website","url":"https:\/\/lukkan.fi\/","name":"Lukkan | Sinun el\u00e4m\u00e4si tila","description":"Sinun el\u00e4m\u00e4si tila","publisher":{"@id":"https:\/\/lukkan.fi\/#organization"},"potentialAction":[{"@type":"SearchAction","target":{"@type":"EntryPoint","urlTemplate":"https:\/\/lukkan.fi\/?s={search_term_string}"},"query-input":{"@type":"PropertyValueSpecification","valueRequired":true,"valueName":"search_term_string"}}],"inLanguage":"sv-SE"},{"@type":"Organization","@id":"https:\/\/lukkan.fi\/#organization","name":"Lukkan","url":"https:\/\/lukkan.fi\/","logo":{"@type":"ImageObject","inLanguage":"sv-SE","@id":"https:\/\/lukkan.fi\/#\/schema\/logo\/image\/","url":"https:\/\/lukkan.fi\/wp-content\/uploads\/2021\/05\/lukkan-logo-fb.png","contentUrl":"https:\/\/lukkan.fi\/wp-content\/uploads\/2021\/05\/lukkan-logo-fb.png","width":225,"height":225,"caption":"Lukkan"},"image":{"@id":"https:\/\/lukkan.fi\/#\/schema\/logo\/image\/"},"sameAs":["https:\/\/www.facebook.com\/Lukkanlasitusjarjestelmat","https:\/\/www.instagram.com\/lukkan_lasitus\/"],"description":"Meid\u00e4n yrityksemme tarina alkaa vuodesta 1989, jolloin Lukkan-tuotteita valmistava Aluroll Oy perustettiin Sipoossa, Boxin kyl\u00e4ss\u00e4. Koska emme l\u00f6yt\u00e4neet tuon ajan markkinoilta tarpeeksi laadukkaita liukulaseja, p\u00e4\u00e4timme alkaa valmistaa tuotteita itse. Liukulaseja seurasivat jo pian ratkaisut sek\u00e4 kiinteisiin lasituksiin ett\u00e4 alumiinikaiteisiin, ja lis\u00e4\u00e4 seurasi per\u00e4ss\u00e4. Pitk\u00e4ik\u00e4isi\u00e4 tuotteita kertak\u00e4ytt\u00f6kulttuuria vastaan Lukkanin tekemist\u00e4 on alusta alkaen ajanut halu tehd\u00e4 asiat viel\u00e4 v\u00e4h\u00e4n paremmin, ja t\u00e4m\u00e4 n\u00e4kyy nykyisten tuotteittemme tinkim\u00e4tt\u00f6m\u00e4ss\u00e4 laadussa. Meille on t\u00e4rke\u00e4\u00e4, ett\u00e4 tuotteemme ovat pitk\u00e4ik\u00e4isi\u00e4. N\u00e4enn\u00e4isesti eri lasitukset voivat olla hyvin saman n\u00e4k\u00f6isi\u00e4, mutta erot piilev\u00e4t komponenttien laadussa ja suunnittelun yksityiskohdissa. Teemme jatkuvaa tuotekehityst\u00e4 ja lanseeraamme uusia entist\u00e4 parempia tuotteita. Teolliset perinteet omassa tuotannossa Lahdessa Poiketen l\u00e4hes kaikista muista toimialallamme, oma lasitehtaamme valmistaa tuotteissamme k\u00e4ytetyt lasit. Oma lasituotanto tuo toimintaamme nopeutta, ketteryytt\u00e4 ja kustannusetua. Omalla tuotannolla varmistamme my\u00f6s karkaistujen turvalasien laadun. Ty\u00f6ntekij\u00e4mme ovat ylpeit\u00e4 ammattitaidostaan ja monella heist\u00e4 on yli 30 vuoden ura takanaan lasitehtaallamme. Tuotteemme valmistetaan l\u00e4hes yksinomaan Suomessa alihankituista komponenteista ja materiaaleista. Tuotteitamme j\u00e4lleenmyyd\u00e4\u00e4n ja asennetaan Suomessa koko maan kattavalla alueella, mutta my\u00f6s Ruotsissa, Norjassa ja Saksassa.","email":"asiakaspalvelu@lukkan.fi","telephone":"0291 230 221","legalName":"Aluroll Oy","foundingDate":"1989-08-21","vatID":"FI07622005","numberOfEmployees":{"@type":"QuantitativeValue","minValue":"51","maxValue":"200"}}]}},"_links":{"self":[{"href":"https:\/\/lukkan.fi\/sv\/wp-json\/wp\/v2\/pages\/2707","targetHints":{"allow":["GET"]}}],"collection":[{"href":"https:\/\/lukkan.fi\/sv\/wp-json\/wp\/v2\/pages"}],"about":[{"href":"https:\/\/lukkan.fi\/sv\/wp-json\/wp\/v2\/types\/page"}],"author":[{"embeddable":true,"href":"https:\/\/lukkan.fi\/sv\/wp-json\/wp\/v2\/users\/12"}],"replies":[{"embeddable":true,"href":"https:\/\/lukkan.fi\/sv\/wp-json\/wp\/v2\/comments?post=2707"}],"version-history":[{"count":6,"href":"https:\/\/lukkan.fi\/sv\/wp-json\/wp\/v2\/pages\/2707\/revisions"}],"predecessor-version":[{"id":7707,"href":"https:\/\/lukkan.fi\/sv\/wp-json\/wp\/v2\/pages\/2707\/revisions\/7707"}],"wp:attachment":[{"href":"https:\/\/lukkan.fi\/sv\/wp-json\/wp\/v2\/media?parent=2707"}],"curies":[{"name":"wp","href":"https:\/\/api.w.org\/{rel}","templated":true}]}}